{"id":38192,"date":"2022-05-20T14:21:46","date_gmt":"2022-05-20T17:21:46","guid":{"rendered":"https:\/\/aepetba.org.br\/v1\/?page_id=38192"},"modified":"2022-07-18T09:24:20","modified_gmt":"2022-07-18T12:24:20","slug":"seminario-2022","status":"publish","type":"page","link":"https:\/\/aepetba.org.br\/v1\/seminario-2022\/","title":{"rendered":"Semin\u00e1rio 2022"},"content":{"rendered":"<p>[vc_row full_width=&#8221;stretch_row_content_no_spaces&#8221;][vc_column][vc_single_image image=&#8221;38193&#8243; img_size=&#8221;full&#8221; alignment=&#8221;center&#8221;][\/vc_column][\/vc_row][vc_row][vc_column][vc_row_inner][vc_column_inner width=&#8221;5\/6&#8243;][vc_empty_space][vc_column_text]Depend\u00eancia econ\u00f4mica, depend\u00eancia energ\u00e9tica, independ\u00eancia pol\u00edtica e hegemonia entre as na\u00e7\u00f5es s\u00e3o temas recorrentes de nossos dias, com exemplos concretos na m\u00eddia cotidiana. E, como se n\u00e3o bastasse vivenciar temas t\u00e3o fortes, ainda temos que conviver com uma d\u00favida: como identificar o verdadeiro e o falso?<\/p>\n<p>O F\u00f3rum em Defesa da Petrobr\u00e1s, Petros e AMS convida voc\u00ea para discutir, com pessoas de renomado conhecimento, os distintos temas organizados em cinco semin\u00e1rios.<\/p>\n<p>Em cada encontro, acontecer\u00e3o palestras ministradas pelos convidados e ap\u00f3s as apresenta\u00e7\u00f5es, ser\u00e3o realizados debates acerca dos temas, com a participa\u00e7\u00e3o de todos.<\/p>\n<p>O momento n\u00e3o poderia ser mais oportuno: <strong>elei\u00e7\u00f5es, questionamentos provocados pelo pre\u00e7o dos combust\u00edveis, pre\u00e7o internacional do petr\u00f3leo e empobrecimento da popula\u00e7\u00e3o, entre outras quest\u00f5es<\/strong>.<\/p>\n<p>Junte-se a n\u00f3s! Fa\u00e7a a sua inscri\u00e7\u00e3o e convide outras pessoas do seu conv\u00edvio para que tamb\u00e9m participem das discuss\u00f5es.<\/p>\n<h2><span style=\"color: #003300;\">Vamos resgatar o Brasil para os brasileiros!<\/span><\/h2>\n<p>[\/vc_column_text][vc_empty_space][\/vc_column_inner][vc_column_inner width=&#8221;1\/6&#8243;][vc_empty_space height=&#8221;100px&#8221;][vc_empty_space height=&#8221;50px&#8221;][\/vc_column_inner][\/vc_row_inner][vc_column_text]<\/p>\n<h2><strong><span style=\"color: #008000;\">MODALIDADE DO EVENTO<\/span><\/strong><\/h2>\n<ul>\n<li>O primeiro evento, a abertura do semin\u00e1rio, ser\u00e1 realizado na forma mista, ou seja, presencial e, simultaneamente, virtual. A parte presencial ser\u00e1 realizada no audit\u00f3rio da ABRASPET<\/li>\n<li>Os demais eventos do semin\u00e1rio ser\u00e3o realizados apenas na forma virtual<\/li>\n<\/ul>\n<p>&nbsp;<\/p>\n<h2><strong><span style=\"color: #008000;\">PROGRAMA\u00c7\u00c3O E V\u00cdDEOS GRAVADOS<\/span><\/strong><\/h2>\n<p>[\/vc_column_text][vc_empty_space height=&#8221;50px&#8221;][vc_tta_accordion style=&#8221;modern&#8221; color=&#8221;green&#8221; active_section=&#8221;9&#8243;][vc_tta_section title=&#8221;1\u00ba dia &#8211; 11\/junho, s\u00e1bado, das 9:00h \u00e0s 12:00h &#8211; PRESENCIAL \/ ONLINE&#8221; tab_id=&#8221;1653068650036-be902bfb-71e5&#8243;][vc_column_text css=&#8221;.vc_custom_1653590902814{margin-left: 20px !important;}&#8221;]<\/p>\n<h2><span style=\"font-size: 18pt;\"><strong>9h \u2013 Abertura do evento<\/strong><\/span><\/h2>\n<p><strong>Marcos Andr\u00e9 dos Santos &#8211; <\/strong>Presidente da AEPET-BA<\/p>\n<p><strong>Raimundo Lopes &#8211; <\/strong>\u00a0Presidente da ABRASPET:<\/p>\n<p><strong>Honaldo Ant\u00f4nio Fernandes Moreira &#8211; <\/strong>\u00a0Presidente da ASTAPE-BA<\/p>\n<p>&nbsp;<\/p>\n<h2><span style=\"font-size: 18pt;\"><strong>9h30 \u2013 Mesa-redonda &#8211; <em>A descoberta do pr\u00e9-sal e sua import\u00e2ncia para a na\u00e7\u00e3o brasileira; perspectivas para a Petrobr\u00e1s no Brasil e na Bahia<\/em><\/strong><\/span><\/h2>\n<p>&nbsp;<\/p>\n<p><strong>Palestrantes:<\/strong>[\/vc_column_text][vc_row_inner][vc_column_inner width=&#8221;1\/3&#8243;][vc_single_image image=&#8221;38234&#8243; img_size=&#8221;full&#8221;][vc_column_text]<em><strong>Guilherme Estrella<\/strong><\/em><\/p>\n<p>Ge\u00f3logo e ex-diretor de Explora\u00e7\u00e3o e Produ\u00e7\u00e3o da Petrobr\u00e1s[\/vc_column_text][\/vc_column_inner][vc_column_inner width=&#8221;1\/3&#8243;][vc_single_image image=&#8221;38235&#8243; img_size=&#8221;full&#8221;][vc_column_text]<em><strong>Jos\u00e9 S\u00e9rgio Gabrielli<\/strong><\/em><\/p>\n<p>Economista e ex-presidente da Petrobr\u00e1s[\/vc_column_text][\/vc_column_inner][vc_column_inner width=&#8221;1\/3&#8243;][vc_single_image image=&#8221;38248&#8243; img_size=&#8221;full&#8221;][vc_column_text]<em><strong>Ant\u00f4nio Jos\u00e9 Rivas<\/strong><\/em><\/p>\n<p>Ge\u00f3logo, ex-gerente geral da Unidade de Explora\u00e7\u00e3o e Produ\u00e7\u00e3o da Bahia (UN-BA)[\/vc_column_text][\/vc_column_inner][\/vc_row_inner][vc_row_inner][vc_column_inner][vc_empty_space]<div class=\"video-wrapper\"><iframe src=\"https:\/\/www.youtube.com\/embed\/kmzBb5hk_6Q?wmode=transparent\" width=\"560\" height=\"315\" style=\"border: none !important\"><\/iframe><\/div>[vc_empty_space][vc_column_text]<strong>PRESENCIAL<\/strong><\/p>\n<p>Sede da ABRASPET<br \/>\nAudit\u00f3rio Anistia, Justi\u00e7a e Liberdade<br \/>\nCentro Empresarial Iguatemi<br \/>\nAv. Tancredo Neves, 274 &#8211; Bloco B &#8211; Caminho das \u00c1rvores, Salvador &#8211; BA<br \/>\nCEP: 41820-021[\/vc_column_text][vc_raw_html]JTNDaWZyYW1lJTIwc3JjJTNEJTIyaHR0cHMlM0ElMkYlMkZ3d3cuZ29vZ2xlLmNvbSUyRm1hcHMlMkZlbWJlZCUzRnBiJTNEJTIxMW0xOCUyMTFtMTIlMjExbTMlMjExZDM4ODcuODY2MDYxODE2ODc5NyUyMTJkLTM4LjQ2NTM0NTU4NTc3MjcyNCUyMTNkLTEyLjk4MDQxNzM2MzUwMTg4MiUyMTJtMyUyMTFmMCUyMTJmMCUyMTNmMCUyMTNtMiUyMTFpMTAyNCUyMTJpNzY4JTIxNGYxMy4xJTIxM20zJTIxMW0yJTIxMXMweDcxNjFiMTg3YzNkNTI3MyUyNTNBMHg0ZjA3MDRkODU0Yjk0MWViJTIxMnNBQlJBU1BFVC1Bc3NvY2lhJTI1QzMlMjVBNyUyNUMzJTI1QTNvJTI1MjBCcmFzJTI1MjBkb3MlMjUyMEFuaXN0aWFkb3MlMjUyMFBvbCUyNUMzJTI1QUR0aWNvcyUyNTIwZG8lMjUyMFNpc3QlMjUyMFBldHJvYnJhcyUyNTIwZSUyNTIwRGVtYWlzJTI1MjBFbXByJTI1MjBFc3RhdGFpcyUyMTVlMCUyMTNtMiUyMTFzcHQtQlIlMjEyc2JyJTIxNHYxNjU0MTgzNzIzNzE4JTIxNW0yJTIxMXNwdC1CUiUyMTJzYnIlMjIlMjB3aWR0aCUzRCUyMjQwMCUyMiUyMGhlaWdodCUzRCUyMjMwMCUyMiUyMHN0eWxlJTNEJTIyYm9yZGVyJTNBMCUzQiUyMiUyMGFsbG93ZnVsbHNjcmVlbiUzRCUyMiUyMiUyMGxvYWRpbmclM0QlMjJsYXp5JTIyJTIwcmVmZXJyZXJwb2xpY3klM0QlMjJuby1yZWZlcnJlci13aGVuLWRvd25ncmFkZSUyMiUzRSUzQyUyRmlmcmFtZSUzRQ==[\/vc_raw_html][vc_empty_space][\/vc_column_inner][\/vc_row_inner][\/vc_tta_section][vc_tta_section title=&#8221;2\u00ba dia &#8211; 22\/junho, quarta-feira, das 19:00h \u00e0s 21:00h &#8211; ONLINE&#8221; tab_id=&#8221;1653068650052-6632eec8-5d1c&#8221;][vc_column_text css=&#8221;.vc_custom_1653586703061{margin-left: 20px !important;}&#8221;]<\/p>\n<h2><span style=\"font-size: 18pt;\"><strong>19h \u2013 Palestra <\/strong>\u00a0&#8211;\u00a0<em><strong> A reconstru\u00e7\u00e3o da Petrobr\u00e1s, do monop\u00f3lio estatal do petr\u00f3leo e apropria\u00e7\u00e3o da renda petroleira<\/strong><\/em><\/span><\/h2>\n<p>&nbsp;<\/p>\n<p><strong>Palestrantes:<\/strong>[\/vc_column_text][vc_row_inner][vc_column_inner width=&#8221;1\/3&#8243;][vc_single_image image=&#8221;38262&#8243; img_size=&#8221;full&#8221;][vc_column_text]<em><strong>Beto Almeida<\/strong><\/em><\/p>\n<p>Jornalista da Telesur e Diretor da TVComunit\u00e1ria DF[\/vc_column_text][\/vc_column_inner][vc_column_inner width=&#8221;1\/3&#8243;][vc_single_image image=&#8221;38263&#8243; img_size=&#8221;full&#8221;][vc_column_text]<em><strong>Ildo Lu\u00eds Sauer<\/strong><\/em><\/p>\n<p>Engenheiro, Professor da USP e ex-Diretor Executivo da Petrobr\u00e1s[\/vc_column_text][\/vc_column_inner][vc_column_inner width=&#8221;1\/3&#8243;][\/vc_column_inner][\/vc_row_inner][vc_row_inner][vc_column_inner][vc_empty_space]<div class=\"video-wrapper\"><iframe src=\"https:\/\/www.youtube.com\/embed\/kcDTqvQYiBU?wmode=transparent\" width=\"560\" height=\"315\" style=\"border: none !important\"><\/iframe><\/div>[vc_empty_space][\/vc_column_inner][\/vc_row_inner][\/vc_tta_section][vc_tta_section title=&#8221;3\u00ba dia &#8211; 06\/julho, quarta-feira, das 19:00h \u00e0s 21:00h &#8211; ONLINE&#8221; tab_id=&#8221;1653068862157-804d8522-a644&#8243;][vc_column_text css=&#8221;.vc_custom_1653586882630{margin-left: 20px !important;}&#8221;]<\/p>\n<h2><strong>19h \u2013 <\/strong>Palestra &#8211; <em><strong>D\u00edvida p\u00fablica, pol\u00edtica econ\u00f4mica e a privatiza\u00e7\u00e3o da Petrobr\u00e1s<\/strong><\/em><\/h2>\n<p>&nbsp;<\/p>\n<p><strong>Palestrantes:<\/strong>[\/vc_column_text][vc_row_inner][vc_column_inner width=&#8221;1\/3&#8243;][vc_single_image image=&#8221;38281&#8243; img_size=&#8221;full&#8221;][vc_column_text]<em><strong>Maria L\u00facia Fattorelli<\/strong><\/em><\/p>\n<p>Coordenadora Nacional da Auditoria Cidad\u00e3 da D\u00edvida[\/vc_column_text][\/vc_column_inner][vc_column_inner width=&#8221;1\/3&#8243;][vc_single_image image=&#8221;38292&#8243; img_size=&#8221;full&#8221;][vc_column_text]<em><strong>Gustavo Ant\u00f4nio Galv\u00e3o dos Santos<\/strong><\/em><\/p>\n<p>Economista, mestre e doutor pelo IE\/UFRJ e autor do livro Finan\u00e7as Funcionais e a Teoria da Moeda Moderna[\/vc_column_text][\/vc_column_inner][vc_column_inner width=&#8221;1\/3&#8243;][\/vc_column_inner][\/vc_row_inner][vc_row_inner][vc_column_inner][vc_empty_space]<div class=\"video-wrapper\"><iframe src=\"https:\/\/www.youtube.com\/embed\/fakYlR1Ifds?wmode=transparent\" width=\"560\" height=\"315\" style=\"border: none !important\"><\/iframe><\/div>[vc_empty_space][vc_column_text]<\/p>\n<h3><strong>Apresenta\u00e7\u00e3o de Maria L\u00facia Fatorelli\u00a0<\/strong><\/h3>\n<p><span style=\"text-decoration: underline;\"><strong><em><a href=\"https:\/\/aepetba.org.br\/v1\/wp-content\/uploads\/2022\/07\/Divida-publica-politica-economica-e-a-privatizacao-da-Petrobras-06.07.2022.pdf\">D\u00edvida p\u00fablica, pol\u00edtica econ\u00f4mica e a privatiza\u00e7\u00e3o da Petrobras 06.07.2022<\/a><\/em><\/strong><\/span>[\/vc_column_text][vc_empty_space][\/vc_column_inner][\/vc_row_inner][\/vc_tta_section][vc_tta_section title=&#8221;4\u00ba dia &#8211; 07\/julho, quinta-feira, das 19:00h \u00e0s 21:00h &#8211; ONLINE&#8221; tab_id=&#8221;1653068909600-fc165a3f-01e3&#8243;][vc_column_text css=&#8221;.vc_custom_1653586996007{margin-left: 20px !important;}&#8221;]<\/p>\n<h2>19h \u2013 Palestra &#8211; <em><strong>A legisla\u00e7\u00e3o brasileira do petr\u00f3leo: mudan\u00e7as necess\u00e1rias e caminhos<\/strong><\/em><\/h2>\n<p>&nbsp;<\/p>\n<p><strong>Palestrantes:<\/strong>[\/vc_column_text][vc_row_inner][vc_column_inner width=&#8221;1\/3&#8243;][vc_single_image image=&#8221;38228&#8243; img_size=&#8221;full&#8221;][vc_column_text css=&#8221;.vc_custom_1653587014190{margin-left: 20px !important;}&#8221;]<em><strong>Paulo C\u00e9sar Ribeiro Lima<\/strong><\/em><\/p>\n<p>Engenheiro, trabalhou na Petrobr\u00e1s e ex-consultor Legislativo da C\u00e2mara dos Deputados[\/vc_column_text][\/vc_column_inner][vc_column_inner width=&#8221;1\/3&#8243;][vc_single_image image=&#8221;38288&#8243; img_size=&#8221;full&#8221;][vc_column_text css=&#8221;.vc_custom_1653587030916{margin-left: 20px !important;}&#8221;]<em><strong>Gilberto Bercovici<\/strong><\/em><\/p>\n<p>Professor Titular de Direito Econ\u00f4mico e Economia Pol\u00edtica da Faculdade de Direito da Universidade de S\u00e3o Paulo (USP)[\/vc_column_text][\/vc_column_inner][vc_column_inner width=&#8221;1\/3&#8243;][\/vc_column_inner][\/vc_row_inner][vc_row_inner][vc_column_inner][vc_empty_space]<div class=\"video-wrapper\"><iframe src=\"https:\/\/www.youtube.com\/embed\/NEhbrVIKlI0?wmode=transparent\" width=\"560\" height=\"315\" style=\"border: none !important\"><\/iframe><\/div>[vc_empty_space][\/vc_column_inner][\/vc_row_inner][\/vc_tta_section][vc_tta_section title=&#8221;5\u00ba dia &#8211; 13\/julho, quarta-feira, das 19:00h \u00e0s 21:00h &#8211; ONLINE&#8221; tab_id=&#8221;1653068954352-f34f08b8-0c26&#8243;][vc_column_text css=&#8221;.vc_custom_1653587057540{margin-left: 20px !important;}&#8221;]<\/p>\n<h2><strong>19h \u2013 <\/strong>Palestra &#8211; <em><strong>Os pre\u00e7os dos combust\u00edveis, a pol\u00edtica de pre\u00e7os e a financeiriza\u00e7\u00e3o da Petrobr\u00e1s<\/strong><\/em><\/h2>\n<p>&nbsp;<\/p>\n<p><strong>Palestrantes:<\/strong>[\/vc_column_text][vc_row_inner][vc_column_inner width=&#8221;1\/3&#8243;][vc_single_image image=&#8221;38242&#8243; img_size=&#8221;full&#8221;][vc_column_text]<em><strong>Roberto Requi\u00e3o<\/strong><\/em><\/p>\n<p>Ex-prefeito de Curitiba, ex-governador e ex-senador do Paran\u00e1[\/vc_column_text][\/vc_column_inner][vc_column_inner width=&#8221;1\/3&#8243;][vc_single_image image=&#8221;38270&#8243; img_size=&#8221;full&#8221;][vc_column_text]<em><strong>Felipe Coutinho<\/strong><\/em><\/p>\n<p>Engenheiro de Processamento S\u00eanior, ex-presidente e atual vice-presidente da Associa\u00e7\u00e3o dos Engenheiros da Petrobr\u00e1s (AEPET)[\/vc_column_text][\/vc_column_inner][vc_column_inner width=&#8221;1\/3&#8243;][\/vc_column_inner][\/vc_row_inner][vc_row_inner][vc_column_inner]<div class=\"video-wrapper\"><iframe src=\"https:\/\/www.youtube.com\/embed\/5ovvd8xoJZQ?wmode=transparent\" width=\"560\" height=\"315\" style=\"border: none !important\"><\/iframe><\/div>[vc_empty_space][vc_column_text]<\/p>\n<h3><strong>Apresenta\u00e7\u00e3o de Felipe Coutinho<\/strong><\/h3>\n<h2><strong><span style=\"text-decoration: underline;\"><em><a href=\"https:\/\/aepetba.org.br\/v1\/wp-content\/uploads\/2022\/07\/PPI-e-Financeirizacao_rev0.pdf\">PPI e Financeiriza\u00e7\u00e3o_rev0<\/a><\/em><\/span><\/strong><\/h2>\n<p>[\/vc_column_text][\/vc_column_inner][\/vc_row_inner][\/vc_tta_section][\/vc_tta_accordion][\/vc_column][\/vc_row][vc_row][vc_column][vc_empty_space][vc_empty_space height=&#8221;100px&#8221;][vc_single_image image=&#8221;38204&#8243; img_size=&#8221;full&#8221; alignment=&#8221;center&#8221;][\/vc_column][\/vc_row]<\/p>\n","protected":false},"excerpt":{"rendered":"<p>[vc_row full_width=&#8221;stretch_row_content_no_spaces&#8221;][vc_column][vc_single_image image=&#8221;38193&#8243; img_size=&#8221;full&#8221; alignment=&#8221;center&#8221;][\/vc_column][\/vc_row][vc_row][vc_column][vc_row_inner][vc_column_inner width=&#8221;5\/6&#8243;][vc_empty_space][vc_column_text]Depend\u00eancia econ\u00f4mica, depend\u00eancia energ\u00e9tica, independ\u00eancia pol\u00edtica e hegemonia entre as na\u00e7\u00f5es s\u00e3o temas recorrentes de nossos dias, com exemplos concretos na m\u00eddia cotidiana. E, como se n\u00e3o bastasse vivenciar temas t\u00e3o fortes, ainda temos que&#8230;<\/p>\n","protected":false},"author":1,"featured_media":0,"parent":0,"menu_order":0,"comment_status":"closed","ping_status":"closed","template":"","meta":[],"yoast_head":"<!-- This site is optimized with the Yoast SEO plugin v19.3 - https:\/\/yoast.com\/wordpress\/plugins\/seo\/ -->\n<title>Semin\u00e1rio 2022 - AEPET N\u00daCLEO BAHIA<\/title>\n<meta name=\"robots\" content=\"index, follow, max-snippet:-1, max-image-preview:large, max-video-preview:-1\" \/>\n<link rel=\"canonical\" href=\"https:\/\/aepetba.org.br\/v1\/seminario-2022\/\" \/>\n<meta property=\"og:locale\" content=\"pt_BR\" \/>\n<meta property=\"og:type\" content=\"article\" \/>\n<meta property=\"og:title\" content=\"Semin\u00e1rio 2022 - AEPET N\u00daCLEO BAHIA\" \/>\n<meta property=\"og:description\" content=\"[vc_row full_width=&#8221;stretch_row_content_no_spaces&#8221;][vc_column][vc_single_image image=&#8221;38193&#8243; img_size=&#8221;full&#8221; alignment=&#8221;center&#8221;][\/vc_column][\/vc_row][vc_row][vc_column][vc_row_inner][vc_column_inner width=&#8221;5\/6&#8243;][vc_empty_space][vc_column_text]Depend\u00eancia econ\u00f4mica, depend\u00eancia energ\u00e9tica, independ\u00eancia pol\u00edtica e hegemonia entre as na\u00e7\u00f5es s\u00e3o temas recorrentes de nossos dias, com exemplos concretos na m\u00eddia cotidiana. E, como se n\u00e3o bastasse vivenciar temas t\u00e3o fortes, ainda temos que...\" \/>\n<meta property=\"og:url\" content=\"https:\/\/aepetba.org.br\/v1\/seminario-2022\/\" \/>\n<meta property=\"og:site_name\" content=\"AEPET N\u00daCLEO BAHIA\" \/>\n<meta property=\"article:publisher\" content=\"https:\/\/web.facebook.com\/aepetba\" \/>\n<meta property=\"article:modified_time\" content=\"2022-07-18T12:24:20+00:00\" \/>\n<meta name=\"twitter:card\" content=\"summary_large_image\" \/>\n<meta name=\"twitter:site\" content=\"@aepetbahia\" \/>\n<meta name=\"twitter:label1\" content=\"Est. tempo de leitura\" \/>\n\t<meta name=\"twitter:data1\" content=\"7 minutos\" \/>\n<script type=\"application\/ld+json\" class=\"yoast-schema-graph\">{\"@context\":\"https:\/\/schema.org\",\"@graph\":[{\"@type\":\"Organization\",\"@id\":\"https:\/\/aepetba.org.br\/v1\/#organization\",\"name\":\"AEPET N\u00facleo Bahia\",\"url\":\"https:\/\/aepetba.org.br\/v1\/\",\"sameAs\":[\"https:\/\/www.instagram.com\/aepetbahia\/\",\"https:\/\/www.youtube.com\/c\/AEPETBAHIA\",\"https:\/\/web.facebook.com\/aepetba\",\"https:\/\/twitter.com\/aepetbahia\"],\"logo\":{\"@type\":\"ImageObject\",\"inLanguage\":\"pt-BR\",\"@id\":\"https:\/\/aepetba.org.br\/v1\/#\/schema\/logo\/image\/\",\"url\":\"https:\/\/aepetba.org.br\/v1\/wp-content\/uploads\/revslider\/home\/logo-AEPETBA.png\",\"contentUrl\":\"https:\/\/aepetba.org.br\/v1\/wp-content\/uploads\/revslider\/home\/logo-AEPETBA.png\",\"width\":297,\"height\":86,\"caption\":\"AEPET N\u00facleo Bahia\"},\"image\":{\"@id\":\"https:\/\/aepetba.org.br\/v1\/#\/schema\/logo\/image\/\"}},{\"@type\":\"WebSite\",\"@id\":\"https:\/\/aepetba.org.br\/v1\/#website\",\"url\":\"https:\/\/aepetba.org.br\/v1\/\",\"name\":\"AEPET N\u00daCLEO BAHIA\",\"description\":\"Associa\u00e7\u00e3o dos Engenheiros da Petrobr\u00e1s N\u00facleo Bahia Petr\u00f3leo Bahia Salvador Nordeste \",\"publisher\":{\"@id\":\"https:\/\/aepetba.org.br\/v1\/#organization\"},\"potentialAction\":[{\"@type\":\"SearchAction\",\"target\":{\"@type\":\"EntryPoint\",\"urlTemplate\":\"https:\/\/aepetba.org.br\/v1\/?s={search_term_string}\"},\"query-input\":\"required name=search_term_string\"}],\"inLanguage\":\"pt-BR\"},{\"@type\":\"WebPage\",\"@id\":\"https:\/\/aepetba.org.br\/v1\/seminario-2022\/\",\"url\":\"https:\/\/aepetba.org.br\/v1\/seminario-2022\/\",\"name\":\"Semin\u00e1rio 2022 - AEPET N\u00daCLEO BAHIA\",\"isPartOf\":{\"@id\":\"https:\/\/aepetba.org.br\/v1\/#website\"},\"datePublished\":\"2022-05-20T17:21:46+00:00\",\"dateModified\":\"2022-07-18T12:24:20+00:00\",\"breadcrumb\":{\"@id\":\"https:\/\/aepetba.org.br\/v1\/seminario-2022\/#breadcrumb\"},\"inLanguage\":\"pt-BR\",\"potentialAction\":[{\"@type\":\"ReadAction\",\"target\":[\"https:\/\/aepetba.org.br\/v1\/seminario-2022\/\"]}]},{\"@type\":\"BreadcrumbList\",\"@id\":\"https:\/\/aepetba.org.br\/v1\/seminario-2022\/#breadcrumb\",\"itemListElement\":[{\"@type\":\"ListItem\",\"position\":1,\"name\":\"In\u00edcio\",\"item\":\"https:\/\/aepetba.org.br\/v1\/\"},{\"@type\":\"ListItem\",\"position\":2,\"name\":\"Semin\u00e1rio 2022\"}]}]}<\/script>\n<!-- \/ Yoast SEO plugin. -->","yoast_head_json":{"title":"Semin\u00e1rio 2022 - AEPET N\u00daCLEO BAHIA","robots":{"index":"index","follow":"follow","max-snippet":"max-snippet:-1","max-image-preview":"max-image-preview:large","max-video-preview":"max-video-preview:-1"},"canonical":"https:\/\/aepetba.org.br\/v1\/seminario-2022\/","og_locale":"pt_BR","og_type":"article","og_title":"Semin\u00e1rio 2022 - AEPET N\u00daCLEO BAHIA","og_description":"[vc_row full_width=&#8221;stretch_row_content_no_spaces&#8221;][vc_column][vc_single_image image=&#8221;38193&#8243; img_size=&#8221;full&#8221; alignment=&#8221;center&#8221;][\/vc_column][\/vc_row][vc_row][vc_column][vc_row_inner][vc_column_inner width=&#8221;5\/6&#8243;][vc_empty_space][vc_column_text]Depend\u00eancia econ\u00f4mica, depend\u00eancia energ\u00e9tica, independ\u00eancia pol\u00edtica e hegemonia entre as na\u00e7\u00f5es s\u00e3o temas recorrentes de nossos dias, com exemplos concretos na m\u00eddia cotidiana. E, como se n\u00e3o bastasse vivenciar temas t\u00e3o fortes, ainda temos que...","og_url":"https:\/\/aepetba.org.br\/v1\/seminario-2022\/","og_site_name":"AEPET N\u00daCLEO BAHIA","article_publisher":"https:\/\/web.facebook.com\/aepetba","article_modified_time":"2022-07-18T12:24:20+00:00","twitter_card":"summary_large_image","twitter_site":"@aepetbahia","twitter_misc":{"Est. tempo de leitura":"7 minutos"},"schema":{"@context":"https:\/\/schema.org","@graph":[{"@type":"Organization","@id":"https:\/\/aepetba.org.br\/v1\/#organization","name":"AEPET N\u00facleo Bahia","url":"https:\/\/aepetba.org.br\/v1\/","sameAs":["https:\/\/www.instagram.com\/aepetbahia\/","https:\/\/www.youtube.com\/c\/AEPETBAHIA","https:\/\/web.facebook.com\/aepetba","https:\/\/twitter.com\/aepetbahia"],"logo":{"@type":"ImageObject","inLanguage":"pt-BR","@id":"https:\/\/aepetba.org.br\/v1\/#\/schema\/logo\/image\/","url":"https:\/\/aepetba.org.br\/v1\/wp-content\/uploads\/revslider\/home\/logo-AEPETBA.png","contentUrl":"https:\/\/aepetba.org.br\/v1\/wp-content\/uploads\/revslider\/home\/logo-AEPETBA.png","width":297,"height":86,"caption":"AEPET N\u00facleo Bahia"},"image":{"@id":"https:\/\/aepetba.org.br\/v1\/#\/schema\/logo\/image\/"}},{"@type":"WebSite","@id":"https:\/\/aepetba.org.br\/v1\/#website","url":"https:\/\/aepetba.org.br\/v1\/","name":"AEPET N\u00daCLEO BAHIA","description":"Associa\u00e7\u00e3o dos Engenheiros da Petrobr\u00e1s N\u00facleo Bahia Petr\u00f3leo Bahia Salvador Nordeste ","publisher":{"@id":"https:\/\/aepetba.org.br\/v1\/#organization"},"potentialAction":[{"@type":"SearchAction","target":{"@type":"EntryPoint","urlTemplate":"https:\/\/aepetba.org.br\/v1\/?s={search_term_string}"},"query-input":"required name=search_term_string"}],"inLanguage":"pt-BR"},{"@type":"WebPage","@id":"https:\/\/aepetba.org.br\/v1\/seminario-2022\/","url":"https:\/\/aepetba.org.br\/v1\/seminario-2022\/","name":"Semin\u00e1rio 2022 - AEPET N\u00daCLEO BAHIA","isPartOf":{"@id":"https:\/\/aepetba.org.br\/v1\/#website"},"datePublished":"2022-05-20T17:21:46+00:00","dateModified":"2022-07-18T12:24:20+00:00","breadcrumb":{"@id":"https:\/\/aepetba.org.br\/v1\/seminario-2022\/#breadcrumb"},"inLanguage":"pt-BR","potentialAction":[{"@type":"ReadAction","target":["https:\/\/aepetba.org.br\/v1\/seminario-2022\/"]}]},{"@type":"BreadcrumbList","@id":"https:\/\/aepetba.org.br\/v1\/seminario-2022\/#breadcrumb","itemListElement":[{"@type":"ListItem","position":1,"name":"In\u00edcio","item":"https:\/\/aepetba.org.br\/v1\/"},{"@type":"ListItem","position":2,"name":"Semin\u00e1rio 2022"}]}]}},"_links":{"self":[{"href":"https:\/\/aepetba.org.br\/v1\/wp-json\/wp\/v2\/pages\/38192"}],"collection":[{"href":"https:\/\/aepetba.org.br\/v1\/wp-json\/wp\/v2\/pages"}],"about":[{"href":"https:\/\/aepetba.org.br\/v1\/wp-json\/wp\/v2\/types\/page"}],"author":[{"embeddable":true,"href":"https:\/\/aepetba.org.br\/v1\/wp-json\/wp\/v2\/users\/1"}],"replies":[{"embeddable":true,"href":"https:\/\/aepetba.org.br\/v1\/wp-json\/wp\/v2\/comments?post=38192"}],"version-history":[{"count":65,"href":"https:\/\/aepetba.org.br\/v1\/wp-json\/wp\/v2\/pages\/38192\/revisions"}],"predecessor-version":[{"id":38731,"href":"https:\/\/aepetba.org.br\/v1\/wp-json\/wp\/v2\/pages\/38192\/revisions\/38731"}],"wp:attachment":[{"href":"https:\/\/aepetba.org.br\/v1\/wp-json\/wp\/v2\/media?parent=38192"}],"curies":[{"name":"wp","href":"https:\/\/api.w.org\/{rel}","templated":true}]}}